{"id":126,"date":"2020-06-08T13:38:41","date_gmt":"2020-06-08T13:38:41","guid":{"rendered":"http:\/\/www.museudeseverdovouga.pt\/expo\/?page_id=126"},"modified":"2020-06-08T15:04:20","modified_gmt":"2020-06-08T15:04:20","slug":"campo","status":"publish","type":"page","link":"https:\/\/www.mm-sever.pt\/expo\/campo\/","title":{"rendered":"11 &#8211; A vida no campo"},"content":{"rendered":"\n<figure class=\"wp-block-image size-large\"><img loading=\"lazy\" decoding=\"async\" width=\"1024\" height=\"768\" src=\"http:\/\/www.museudeseverdovouga.pt\/expo\/wp-content\/uploads\/campo01-1024x768.jpg\" alt=\"\" class=\"wp-image-192\" srcset=\"https:\/\/www.mm-sever.pt\/expo\/wp-content\/uploads\/campo01-1024x768.jpg 1024w, https:\/\/www.mm-sever.pt\/expo\/wp-content\/uploads\/campo01-300x225.jpg 300w, https:\/\/www.mm-sever.pt\/expo\/wp-content\/uploads\/campo01-768x576.jpg 768w, https:\/\/www.mm-sever.pt\/expo\/wp-content\/uploads\/campo01.jpg 1280w\" sizes=\"(max-width: 1024px) 100vw, 1024px\" \/><\/figure>\n\n\n\n<p class=\"has-medium-font-size\">O respeito e amor pela terra fez com que esta comunidade criasse uma rela\u00e7\u00e3o de simbiose, aproveitando os seus recursos atrav\u00e9s de atividades como: a agricultura, silvicultura, cria\u00e7\u00e3o de animais, entre outras.<\/p>\n\n\n\n<p class=\"has-medium-font-size\">Dedicados aos ciclos da terra, os Severenses dedicavam-se ao cultivo dos cereais, com particular destaque do milho, vinha e leguminosas. Em campos retalhados pelas encostas deste concelho, constru\u00edram varias unidades de apoio que ainda hoje s\u00e3o a marca da paisagem. Espigueiros, eiras e moinhos s\u00e3o uma constante nestes horizontes e ocupavam um papel preponderante no ciclo do milho. Se nas primeiras se guardavam e secavam as ma\u00e7arocas e o gr\u00e3o, nas segundas transformava-se o cereal em farinha. As elevadas linhas de \u00e1gua e um relevo acentuado levaram o Homem a construir neste territ\u00f3rio de Sever do Vouga um impressionante n\u00famero destes moinhos de \u00e1gua, que ainda hoje n\u00e3o possuem paralelo na regi\u00e3o. A cria\u00e7\u00e3o de animais tinha tamb\u00e9m um papel preponderante com ovelhas, cabras e vacas a serem uma das principais fontes de riqueza destas gentes.<\/p>\n\n\n\n<p class=\"has-medium-font-size\">A pesca e o transporte de mercadorias pelo Vouga eram tamb\u00e9m atividades das popula\u00e7\u00f5es ribeirinhas, enquanto nas \u00e1reas mais elevadas aproveitavam- se os recursos florestais.<\/p>\n\n\n\n<p class=\"has-medium-font-size\">Era uma vida de trabalho, em que os escassos meios dispon\u00edveis levaram muitas pessoas a procurarem novos meios de vida em outras paragens. Mas esses novos tempos deram tamb\u00e9m origem a um novo patamar na produ\u00e7\u00e3o agr\u00edcola em que os velhos saberes s\u00e3o otimizados em novas industrias agroalimentares como os lactic\u00ednios, as massas aliment\u00edcias entre outras.<\/p>\n\n\n\n<p class=\"has-medium-font-size\">A identidade de outrora mudou e desses tempos j\u00e1 restam muitas mem\u00f3rias e algumas fotografias.<\/p>\n\n\n\n<div style=\"height:50px\" aria-hidden=\"true\" class=\"wp-block-spacer\"><\/div>\n\n\n\n<p class=\"has-medium-font-size\"><strong>Para saber mais<\/strong><\/p>\n\n\n\n<ul><li>AAVV (2013) \u2013 . Sever do Vouga: C\u00e2mara Municipal<\/li><li>ARQUEOHOJE; Monteiro, Paulo Celso Fernandes (2001) \u2013 . Sever do Vouga: C\u00e2mara Municipal<\/li><li>P\u00eago, Maria Carlos Chieira (1999) \u2013 . Sever do Vouga: C\u00e2mara Municipal<\/li><li>Ramos, Fernando Soares (1998) \u2013 . Sever do Vouga: C\u00e2mara Municipal<\/li><li>Veiga, Pedro de Bastos (2019) \u2013 . Sever do Vouga: C\u00e2mara Municipal<\/li><\/ul>\n\n\n\n<div style=\"height:50px\" aria-hidden=\"true\" class=\"wp-block-spacer\"><\/div>\n\n\n\n<div class=\"wp-block-buttons aligncenter is-layout-flex wp-block-buttons-is-layout-flex\">\n<div class=\"wp-block-button is-style-outline\"><a class=\"wp-block-button__link\" href=\"http:\/\/www.museudeseverdovouga.pt\/expo\/?page_id=120\">&lt;&lt;&lt; F\u00c9<\/a><\/div>\n\n\n\n<div class=\"wp-block-button is-style-outline\"><a class=\"wp-block-button__link\" href=\"http:\/\/www.museudeseverdovouga.pt\/expo\/?page_id=129\">LACTIC\u00cdNIOS &gt;&gt;&gt;<\/a><\/div>\n<\/div>\n\n\n\n<div style=\"height:50px\" aria-hidden=\"true\" class=\"wp-block-spacer\"><\/div>\n","protected":false},"excerpt":{"rendered":"<p>O respeito e amor pela terra fez com que esta comunidade criasse uma rela\u00e7\u00e3o de simbiose, aproveitando os seus recursos atrav\u00e9s de atividades como: a agricultura, silvicultura, cria\u00e7\u00e3o de animais, entre outras. Dedicados aos ciclos da terra, os Severenses dedicavam-se ao cultivo dos cereais, com particular destaque do milho, vinha e leguminosas. Em campos retalhados [&hellip;]<\/p>\n","protected":false},"author":1,"featured_media":0,"parent":0,"menu_order":11,"comment_status":"closed","ping_status":"closed","template":"","meta":{"footnotes":""},"_links":{"self":[{"href":"https:\/\/www.mm-sever.pt\/expo\/wp-json\/wp\/v2\/pages\/126"}],"collection":[{"href":"https:\/\/www.mm-sever.pt\/expo\/wp-json\/wp\/v2\/pages"}],"about":[{"href":"https:\/\/www.mm-sever.pt\/expo\/wp-json\/wp\/v2\/types\/page"}],"author":[{"embeddable":true,"href":"https:\/\/www.mm-sever.pt\/expo\/wp-json\/wp\/v2\/users\/1"}],"replies":[{"embeddable":true,"href":"https:\/\/www.mm-sever.pt\/expo\/wp-json\/wp\/v2\/comments?post=126"}],"version-history":[{"count":2,"href":"https:\/\/www.mm-sever.pt\/expo\/wp-json\/wp\/v2\/pages\/126\/revisions"}],"predecessor-version":[{"id":193,"href":"https:\/\/www.mm-sever.pt\/expo\/wp-json\/wp\/v2\/pages\/126\/revisions\/193"}],"wp:attachment":[{"href":"https:\/\/www.mm-sever.pt\/expo\/wp-json\/wp\/v2\/media?parent=126"}],"curies":[{"name":"wp","href":"https:\/\/api.w.org\/{rel}","templated":true}]}}