{"id":477,"date":"2024-02-28T10:00:00","date_gmt":"2024-02-28T10:00:00","guid":{"rendered":"https:\/\/www.mm-sever.pt\/minas\/?page_id=477"},"modified":"2024-02-28T10:42:05","modified_gmt":"2024-02-28T10:42:05","slug":"camfoto","status":"publish","type":"page","link":"https:\/\/www.mm-sever.pt\/minas\/camfoto\/","title":{"rendered":"Caminhada Fotogr\u00e1fica"},"content":{"rendered":"\n<figure class=\"wp-block-image size-full\"><img loading=\"lazy\" decoding=\"async\" width=\"1024\" height=\"1024\" src=\"https:\/\/www.mm-sever.pt\/minas\/wp-content\/uploads\/2024\/02\/Post-1.jpg\" alt=\"\" class=\"wp-image-478\" srcset=\"https:\/\/www.mm-sever.pt\/minas\/wp-content\/uploads\/2024\/02\/Post-1.jpg 1024w, https:\/\/www.mm-sever.pt\/minas\/wp-content\/uploads\/2024\/02\/Post-1-300x300.jpg 300w, https:\/\/www.mm-sever.pt\/minas\/wp-content\/uploads\/2024\/02\/Post-1-150x150.jpg 150w, https:\/\/www.mm-sever.pt\/minas\/wp-content\/uploads\/2024\/02\/Post-1-768x768.jpg 768w, https:\/\/www.mm-sever.pt\/minas\/wp-content\/uploads\/2024\/02\/Post-1-850x850.jpg 850w\" sizes=\"auto, (max-width: 1024px) 100vw, 1024px\" \/><\/figure>\n\n\n\n<div style=\"height:30px\" aria-hidden=\"true\" class=\"wp-block-spacer\"><\/div>\n\n\n\n<p class=\"has-medium-font-size\">A Actividade tem in\u00edcio \u00e0s 9h30 na Malhada (<a href=\"https:\/\/goo.gl\/maps\/AMSerTj2coERMwPa6\">acesso da Aldeia do Folharido \u00e0s Minas do Bra\u00e7al<\/a>).<\/p>\n\n\n\n<p class=\"has-medium-font-size\">Organizada em parceria com a <a href=\"https:\/\/l.facebook.com\/l.php?u=http%3A%2F%2Flinktr.ee%2Fviversever%3Ffbclid%3DIwAR0M4Q0wCgqPWJ-LfG9-fcTQkWhwg1HxkSpFf9N8zpV1ptxnVLep-Qp67To&amp;h=AT16m6KeKgSYYUDY17GwK-drLauHwWMf2hlz74tDbBu7imIfUL6ygpuSMzwU04XzK49ky99Fbt6rQmyHavV4nZ-GOflgxQvQG1k3G_XNibuwcv1_UTJd5N15SDaqKiS359Q\">ViverSever<\/a> &#8211; Associa\u00e7\u00e3o de Promo\u00e7\u00e3o de Sever do Vouga.<\/p>\n\n\n\n<p class=\"has-medium-font-size\">Esta edi\u00e7\u00e3o especial das caminhadas &#8220;#VERSEVER&#8221; ser\u00e1 nas Minas do Bra\u00e7al e da Malhada, num trajeto delineado para atravessar as antigas constru\u00e7\u00f5es mineiras, o rio Mau e as suas cascatas e uma antiga galeria. Espa\u00e7os ocultos a quem passa e nos quais poder\u00e1 entrar e captar a sua melhor fotografia.<\/p>\n\n\n\n<p class=\"has-medium-font-size\">O percurso \u00e9 circular e pensado para ser acess\u00edvel para todos os participantes, com uma dist\u00e2ncia total de cerca de 4 km e pouca eleva\u00e7\u00e3o.<\/p>\n\n\n\n<p class=\"has-medium-font-size\">Est\u00e1 previsto ser completado em 3 horas, o que permite aos inscritos usufru\u00edrem dos locais onde passam com toda a calma desejada. Ter\u00e3o muito tempo para apreciar a envolv\u00eancia, fomentar momentos de partilha de conhecimento e experienciar&nbsp;a arte da fotografia.<\/p>\n\n\n\n<p class=\"has-medium-font-size\">Ser\u00e1 fornecido a cada participante um kit com um saco personalizado, \u00e1gua 0,5l e um capacete (este a devolver no final).<\/p>\n\n\n\n<p class=\"has-medium-font-size\">O evento \u00e9 totalmente gratuito e as inscri\u00e7\u00f5es s\u00e3o obrigat\u00f3rias.<\/p>\n\n\n\n<p class=\"has-medium-font-size\">As vagas s\u00e3o limitadas para garantir a melhor experi\u00eancia poss\u00edvel para os participantes.<\/p>\n\n\n\n<p class=\"has-medium-font-size\">Os interessados devem inscrever-se at\u00e9 ao dia&nbsp;<strong>13 de Mar\u00e7o<\/strong>, para poderem garantir o lugar na atividade e o seu seguro pessoal de participa\u00e7\u00e3o.<\/p>\n\n\n\n<p class=\"has-medium-font-size\">\u00c9 aconselhado que os participantes tragam cal\u00e7ado confort\u00e1vel.<\/p>\n\n\n\n<p class=\"has-medium-font-size\">\u00c9\u00a0<strong>obrigat\u00f3rio<\/strong>\u00a0fazerem-se acompanhar de uma m\u00e1quina fotogr\u00e1fica (anal\u00f3gica ou digital) para poderem participar na atividade.<\/p>\n\n\n\n<div style=\"height:30px\" aria-hidden=\"true\" class=\"wp-block-spacer\"><\/div>\n\n\n\n<div class=\"wp-block-buttons is-layout-flex wp-block-buttons-is-layout-flex\"><\/div>\n\n\n\n<div style=\"height:30px\" aria-hidden=\"true\" class=\"wp-block-spacer\"><\/div>\n\n\n\n<h2 class=\"wp-block-heading has-medium-font-size\">Condi\u00e7\u00f5es de Participa\u00e7\u00e3o<\/h2>\n\n\n\n<ul class=\"has-medium-font-size wp-block-list\">\n<li>\u00c9 obrigat\u00f3rio o uso de uma c\u00e2mara fotogr\u00e1fica digital ou anal\u00f3gica.<\/li>\n\n\n\n<li>As fotografias podem ser anal\u00f3gicas ou digitais, a cores ou a preto e branco.<\/li>\n\n\n\n<li>As fotografias submetidas poder\u00e3o ter uma natureza figurativa ou mais abstrata, desde que estejam relacionadas com o tema proposto.<\/li>\n\n\n\n<li>As fotografias devem ser entregues&nbsp;via e-mail (viversever@gmail.com e museu@cm-sever.pt)&nbsp;at\u00e9 ao dia 25 de Mar\u00e7o.<\/li>\n\n\n\n<li>N\u00e3o h\u00e1 limite no envio de fotografias por participante.&nbsp;<\/li>\n\n\n\n<li>Devem ser entregues em formato JPEG, PNG ou TIFF.<\/li>\n\n\n\n<li>N\u00e3o ser\u00e3o aceites a concurso imagens manipuladas, admitindo-se apenas edi\u00e7\u00f5es respeitantes a ajustes de enquadramento, cor e brilho.<\/li>\n\n\n\n<li>A participa\u00e7\u00e3o no concurso visa contribuir para a promo\u00e7\u00e3o m\u00fatua do concelho de Sever do Vouga, da associa\u00e7\u00e3o e do autor da obra. Como tal, implica a aceita\u00e7\u00e3o da ced\u00eancia dos direitos das fotografias \u00e0 VIVERSEVER e ao Museu Municipal, que as poder\u00e1 utilizar em publica\u00e7\u00f5es e meios de divulga\u00e7\u00e3o.<\/li>\n\n\n\n<li>As fotografias sempre que forem publicadas\/exibidas ser\u00e3o sempre acompanhadas pela devida credita\u00e7\u00e3o ao seu autor original.&nbsp;<\/li>\n\n\n\n<li>Para tal, devem ser entregues sem marca de \u00e1gua, e n\u00e3o podem incluir qualquer informa\u00e7\u00e3o que identifique o seu autor. Esta identifica\u00e7\u00e3o deve ser enviada \u00e0 parte, por escrito, e deve incluir o nome do fot\u00f3grafo, o t\u00edtulo da obra (caso exista), e outras informa\u00e7\u00f5es que o autor considere relevantes.&nbsp;<\/li>\n\n\n\n<li>O j\u00fari deste concurso \u00e9 constitu\u00eddo pelos membros da dire\u00e7\u00e3o da VIVERSEVER, um representante do Munic\u00edpio e o Historiador Pedro N\u00f3brega.<\/li>\n\n\n\n<li>A avalia\u00e7\u00e3o das fotografias submetidas \u00e9 baseada em crit\u00e9rios de enquadramento na tem\u00e1tica, originalidade na abordagem ao tema, e qualidade t\u00e9cnica e valor est\u00e9tico da fotografia.<\/li>\n\n\n\n<li>As fotografias submetidas a concurso ser\u00e3o apreciadas pelo j\u00fari at\u00e9 ao dia 15 de Abril.<\/li>\n\n\n\n<li>O j\u00fari avaliar\u00e1 as submiss\u00f5es na base do anonimato, sem qualquer informa\u00e7\u00e3o sobre os autores, e selecionar\u00e1 3 fotografias na categoria digital e 3 fotografias na categoria anal\u00f3gica.<\/li>\n\n\n\n<li>Os resultados ser\u00e3o divulgados publicamente nas redes sociais da @viversever e do Munic\u00edpio<\/li>\n\n\n\n<li>Os vencedores ser\u00e3o notificados por e-mail at\u00e9 finais de Abril para poderem levantar o respetivo pr\u00e9mio. A Cerim\u00f3nia de entrega dos pr\u00e9mios ser\u00e1 a 18 de Maio, Anivers\u00e1rio do Museu.&nbsp;<\/li>\n\n\n\n<li>O concurso atribuir\u00e1 como pr\u00e9mios v\u00e1rios artigos de artesanato e produtos locais de membros da Associa\u00e7\u00e3o de Artes\u00e3os de Sever do Vouga..<\/li>\n\n\n\n<li>As restantes fotografias a concurso que n\u00e3o sejam premiadas, continuam a poder ser selecionadas para exibi\u00e7\u00e3o na exposi\u00e7\u00e3o anteriormente mencionada.<\/li>\n<\/ul>\n\n\n\n<div style=\"height:30px\" aria-hidden=\"true\" class=\"wp-block-spacer\"><\/div>\n\n\n<div class=\"wp-block-post-date__modified-date wp-block-post-date\"><time datetime=\"2024-02-28T10:42:05+00:00\">28\/02\/2024<\/time><\/div>","protected":false},"excerpt":{"rendered":"<p>A Actividade tem in\u00edcio \u00e0s 9h30 na Malhada (acesso da Aldeia do Folharido \u00e0s Minas do Bra\u00e7al). Organizada em parceria com a ViverSever &#8211; Associa\u00e7\u00e3o de Promo\u00e7\u00e3o de Sever do Vouga. Esta edi\u00e7\u00e3o especial das caminhadas &#8220;#VERSEVER&#8221; ser\u00e1 nas Minas do Bra\u00e7al e da Malhada, num trajeto delineado para atravessar as antigas constru\u00e7\u00f5es mineiras, o&#8230;<\/p>\n","protected":false},"author":1,"featured_media":0,"parent":0,"menu_order":0,"comment_status":"closed","ping_status":"closed","template":"","meta":{"footnotes":""},"class_list":["post-477","page","type-page","status-publish","hentry"],"yoast_head":"<!-- This site is optimized with the Yoast SEO plugin v27.5 - https:\/\/yoast.com\/product\/yoast-seo-wordpress\/ -->\n<title>Caminhada Fotogr\u00e1fica - Minas do Bra\u00e7al e Malhada<\/title>\n<meta name=\"robots\" content=\"index, follow, max-snippet:-1, max-image-preview:large, max-video-preview:-1\" \/>\n<link rel=\"canonical\" href=\"https:\/\/www.mm-sever.pt\/minas\/camfoto\/\" \/>\n<meta property=\"og:locale\" content=\"pt_PT\" \/>\n<meta property=\"og:type\" content=\"article\" \/>\n<meta property=\"og:title\" content=\"Caminhada Fotogr\u00e1fica - Minas do Bra\u00e7al e Malhada\" \/>\n<meta property=\"og:description\" content=\"A Actividade tem in\u00edcio \u00e0s 9h30 na Malhada (acesso da Aldeia do Folharido \u00e0s Minas do Bra\u00e7al). Organizada em parceria com a ViverSever &#8211; Associa\u00e7\u00e3o de Promo\u00e7\u00e3o de Sever do Vouga. Esta edi\u00e7\u00e3o especial das caminhadas &#8220;#VERSEVER&#8221; ser\u00e1 nas Minas do Bra\u00e7al e da Malhada, num trajeto delineado para atravessar as antigas constru\u00e7\u00f5es mineiras, o...\" \/>\n<meta property=\"og:url\" content=\"https:\/\/www.mm-sever.pt\/minas\/camfoto\/\" \/>\n<meta property=\"og:site_name\" content=\"Minas do Bra\u00e7al e Malhada\" \/>\n<meta property=\"article:publisher\" content=\"https:\/\/www.facebook.com\/museudeseverdovouga\" \/>\n<meta property=\"article:modified_time\" content=\"2024-02-28T10:42:05+00:00\" \/>\n<meta property=\"og:image\" content=\"https:\/\/www.mm-sever.pt\/minas\/wp-content\/uploads\/2024\/02\/Post-1.jpg\" \/>\n<meta name=\"twitter:card\" content=\"summary_large_image\" \/>\n<meta name=\"twitter:label1\" content=\"Tempo estimado de leitura\" \/>\n\t<meta name=\"twitter:data1\" content=\"4 minutos\" \/>\n<script type=\"application\/ld+json\" class=\"yoast-schema-graph\">{\"@context\":\"https:\\\/\\\/schema.org\",\"@graph\":[{\"@type\":\"WebPage\",\"@id\":\"https:\\\/\\\/www.mm-sever.pt\\\/minas\\\/camfoto\\\/\",\"url\":\"https:\\\/\\\/www.mm-sever.pt\\\/minas\\\/camfoto\\\/\",\"name\":\"Caminhada Fotogr\u00e1fica - Minas do Bra\u00e7al e Malhada\",\"isPartOf\":{\"@id\":\"https:\\\/\\\/www.mm-sever.pt\\\/minas\\\/#website\"},\"primaryImageOfPage\":{\"@id\":\"https:\\\/\\\/www.mm-sever.pt\\\/minas\\\/camfoto\\\/#primaryimage\"},\"image\":{\"@id\":\"https:\\\/\\\/www.mm-sever.pt\\\/minas\\\/camfoto\\\/#primaryimage\"},\"thumbnailUrl\":\"https:\\\/\\\/www.mm-sever.pt\\\/minas\\\/wp-content\\\/uploads\\\/2024\\\/02\\\/Post-1.jpg\",\"datePublished\":\"2024-02-28T10:00:00+00:00\",\"dateModified\":\"2024-02-28T10:42:05+00:00\",\"breadcrumb\":{\"@id\":\"https:\\\/\\\/www.mm-sever.pt\\\/minas\\\/camfoto\\\/#breadcrumb\"},\"inLanguage\":\"pt-PT\",\"potentialAction\":[{\"@type\":\"ReadAction\",\"target\":[\"https:\\\/\\\/www.mm-sever.pt\\\/minas\\\/camfoto\\\/\"]}]},{\"@type\":\"ImageObject\",\"inLanguage\":\"pt-PT\",\"@id\":\"https:\\\/\\\/www.mm-sever.pt\\\/minas\\\/camfoto\\\/#primaryimage\",\"url\":\"https:\\\/\\\/www.mm-sever.pt\\\/minas\\\/wp-content\\\/uploads\\\/2024\\\/02\\\/Post-1.jpg\",\"contentUrl\":\"https:\\\/\\\/www.mm-sever.pt\\\/minas\\\/wp-content\\\/uploads\\\/2024\\\/02\\\/Post-1.jpg\",\"width\":1024,\"height\":1024},{\"@type\":\"BreadcrumbList\",\"@id\":\"https:\\\/\\\/www.mm-sever.pt\\\/minas\\\/camfoto\\\/#breadcrumb\",\"itemListElement\":[{\"@type\":\"ListItem\",\"position\":1,\"name\":\"In\u00edcio\",\"item\":\"https:\\\/\\\/www.mm-sever.pt\\\/minas\\\/\"},{\"@type\":\"ListItem\",\"position\":2,\"name\":\"Caminhada Fotogr\u00e1fica\"}]},{\"@type\":\"WebSite\",\"@id\":\"https:\\\/\\\/www.mm-sever.pt\\\/minas\\\/#website\",\"url\":\"https:\\\/\\\/www.mm-sever.pt\\\/minas\\\/\",\"name\":\"Minas do Bra\u00e7al e Malhada\",\"description\":\"1\u00aa concess\u00e3o mineira de Portugal. \",\"publisher\":{\"@id\":\"https:\\\/\\\/www.mm-sever.pt\\\/minas\\\/#organization\"},\"potentialAction\":[{\"@type\":\"SearchAction\",\"target\":{\"@type\":\"EntryPoint\",\"urlTemplate\":\"https:\\\/\\\/www.mm-sever.pt\\\/minas\\\/?s={search_term_string}\"},\"query-input\":{\"@type\":\"PropertyValueSpecification\",\"valueRequired\":true,\"valueName\":\"search_term_string\"}}],\"inLanguage\":\"pt-PT\"},{\"@type\":\"Organization\",\"@id\":\"https:\\\/\\\/www.mm-sever.pt\\\/minas\\\/#organization\",\"name\":\"Museu Municipal de Sever do Vouga\",\"url\":\"https:\\\/\\\/www.mm-sever.pt\\\/minas\\\/\",\"logo\":{\"@type\":\"ImageObject\",\"inLanguage\":\"pt-PT\",\"@id\":\"https:\\\/\\\/www.mm-sever.pt\\\/minas\\\/#\\\/schema\\\/logo\\\/image\\\/\",\"url\":\"http:\\\/\\\/www.mm-sever.pt\\\/minas\\\/wp-content\\\/uploads\\\/2024\\\/02\\\/logo1280.jpg\",\"contentUrl\":\"http:\\\/\\\/www.mm-sever.pt\\\/minas\\\/wp-content\\\/uploads\\\/2024\\\/02\\\/logo1280.jpg\",\"width\":1280,\"height\":720,\"caption\":\"Museu Municipal de Sever do Vouga\"},\"image\":{\"@id\":\"https:\\\/\\\/www.mm-sever.pt\\\/minas\\\/#\\\/schema\\\/logo\\\/image\\\/\"},\"sameAs\":[\"https:\\\/\\\/www.facebook.com\\\/museudeseverdovouga\",\"https:\\\/\\\/www.instagram.com\\\/museudeseverdovouga\"]}]}<\/script>\n<!-- \/ Yoast SEO plugin. -->","yoast_head_json":{"title":"Caminhada Fotogr\u00e1fica - Minas do Bra\u00e7al e Malhada","robots":{"index":"index","follow":"follow","max-snippet":"max-snippet:-1","max-image-preview":"max-image-preview:large","max-video-preview":"max-video-preview:-1"},"canonical":"https:\/\/www.mm-sever.pt\/minas\/camfoto\/","og_locale":"pt_PT","og_type":"article","og_title":"Caminhada Fotogr\u00e1fica - Minas do Bra\u00e7al e Malhada","og_description":"A Actividade tem in\u00edcio \u00e0s 9h30 na Malhada (acesso da Aldeia do Folharido \u00e0s Minas do Bra\u00e7al). Organizada em parceria com a ViverSever &#8211; Associa\u00e7\u00e3o de Promo\u00e7\u00e3o de Sever do Vouga. Esta edi\u00e7\u00e3o especial das caminhadas &#8220;#VERSEVER&#8221; ser\u00e1 nas Minas do Bra\u00e7al e da Malhada, num trajeto delineado para atravessar as antigas constru\u00e7\u00f5es mineiras, o...","og_url":"https:\/\/www.mm-sever.pt\/minas\/camfoto\/","og_site_name":"Minas do Bra\u00e7al e Malhada","article_publisher":"https:\/\/www.facebook.com\/museudeseverdovouga","article_modified_time":"2024-02-28T10:42:05+00:00","og_image":[{"url":"https:\/\/www.mm-sever.pt\/minas\/wp-content\/uploads\/2024\/02\/Post-1.jpg","type":"","width":"","height":""}],"twitter_card":"summary_large_image","twitter_misc":{"Tempo estimado de leitura":"4 minutos"},"schema":{"@context":"https:\/\/schema.org","@graph":[{"@type":"WebPage","@id":"https:\/\/www.mm-sever.pt\/minas\/camfoto\/","url":"https:\/\/www.mm-sever.pt\/minas\/camfoto\/","name":"Caminhada Fotogr\u00e1fica - Minas do Bra\u00e7al e Malhada","isPartOf":{"@id":"https:\/\/www.mm-sever.pt\/minas\/#website"},"primaryImageOfPage":{"@id":"https:\/\/www.mm-sever.pt\/minas\/camfoto\/#primaryimage"},"image":{"@id":"https:\/\/www.mm-sever.pt\/minas\/camfoto\/#primaryimage"},"thumbnailUrl":"https:\/\/www.mm-sever.pt\/minas\/wp-content\/uploads\/2024\/02\/Post-1.jpg","datePublished":"2024-02-28T10:00:00+00:00","dateModified":"2024-02-28T10:42:05+00:00","breadcrumb":{"@id":"https:\/\/www.mm-sever.pt\/minas\/camfoto\/#breadcrumb"},"inLanguage":"pt-PT","potentialAction":[{"@type":"ReadAction","target":["https:\/\/www.mm-sever.pt\/minas\/camfoto\/"]}]},{"@type":"ImageObject","inLanguage":"pt-PT","@id":"https:\/\/www.mm-sever.pt\/minas\/camfoto\/#primaryimage","url":"https:\/\/www.mm-sever.pt\/minas\/wp-content\/uploads\/2024\/02\/Post-1.jpg","contentUrl":"https:\/\/www.mm-sever.pt\/minas\/wp-content\/uploads\/2024\/02\/Post-1.jpg","width":1024,"height":1024},{"@type":"BreadcrumbList","@id":"https:\/\/www.mm-sever.pt\/minas\/camfoto\/#breadcrumb","itemListElement":[{"@type":"ListItem","position":1,"name":"In\u00edcio","item":"https:\/\/www.mm-sever.pt\/minas\/"},{"@type":"ListItem","position":2,"name":"Caminhada Fotogr\u00e1fica"}]},{"@type":"WebSite","@id":"https:\/\/www.mm-sever.pt\/minas\/#website","url":"https:\/\/www.mm-sever.pt\/minas\/","name":"Minas do Bra\u00e7al e Malhada","description":"1\u00aa concess\u00e3o mineira de Portugal. ","publisher":{"@id":"https:\/\/www.mm-sever.pt\/minas\/#organization"},"potentialAction":[{"@type":"SearchAction","target":{"@type":"EntryPoint","urlTemplate":"https:\/\/www.mm-sever.pt\/minas\/?s={search_term_string}"},"query-input":{"@type":"PropertyValueSpecification","valueRequired":true,"valueName":"search_term_string"}}],"inLanguage":"pt-PT"},{"@type":"Organization","@id":"https:\/\/www.mm-sever.pt\/minas\/#organization","name":"Museu Municipal de Sever do Vouga","url":"https:\/\/www.mm-sever.pt\/minas\/","logo":{"@type":"ImageObject","inLanguage":"pt-PT","@id":"https:\/\/www.mm-sever.pt\/minas\/#\/schema\/logo\/image\/","url":"http:\/\/www.mm-sever.pt\/minas\/wp-content\/uploads\/2024\/02\/logo1280.jpg","contentUrl":"http:\/\/www.mm-sever.pt\/minas\/wp-content\/uploads\/2024\/02\/logo1280.jpg","width":1280,"height":720,"caption":"Museu Municipal de Sever do Vouga"},"image":{"@id":"https:\/\/www.mm-sever.pt\/minas\/#\/schema\/logo\/image\/"},"sameAs":["https:\/\/www.facebook.com\/museudeseverdovouga","https:\/\/www.instagram.com\/museudeseverdovouga"]}]}},"_links":{"self":[{"href":"https:\/\/www.mm-sever.pt\/minas\/wp-json\/wp\/v2\/pages\/477","targetHints":{"allow":["GET"]}}],"collection":[{"href":"https:\/\/www.mm-sever.pt\/minas\/wp-json\/wp\/v2\/pages"}],"about":[{"href":"https:\/\/www.mm-sever.pt\/minas\/wp-json\/wp\/v2\/types\/page"}],"author":[{"embeddable":true,"href":"https:\/\/www.mm-sever.pt\/minas\/wp-json\/wp\/v2\/users\/1"}],"replies":[{"embeddable":true,"href":"https:\/\/www.mm-sever.pt\/minas\/wp-json\/wp\/v2\/comments?post=477"}],"version-history":[{"count":2,"href":"https:\/\/www.mm-sever.pt\/minas\/wp-json\/wp\/v2\/pages\/477\/revisions"}],"predecessor-version":[{"id":500,"href":"https:\/\/www.mm-sever.pt\/minas\/wp-json\/wp\/v2\/pages\/477\/revisions\/500"}],"wp:attachment":[{"href":"https:\/\/www.mm-sever.pt\/minas\/wp-json\/wp\/v2\/media?parent=477"}],"curies":[{"name":"wp","href":"https:\/\/api.w.org\/{rel}","templated":true}]}}