{"id":489,"date":"2024-02-28T10:28:23","date_gmt":"2024-02-28T10:28:23","guid":{"rendered":"https:\/\/www.mm-sever.pt\/minas\/?page_id=489"},"modified":"2024-02-28T13:17:29","modified_gmt":"2024-02-28T13:17:29","slug":"visitas-guiadas-abril-a-setembro","status":"publish","type":"page","link":"https:\/\/www.mm-sever.pt\/minas\/visitas-guiadas-abril-a-setembro\/","title":{"rendered":"Visitas Guiadas | Abril a Setembro"},"content":{"rendered":"\n<figure class=\"wp-block-image size-large\"><img loading=\"lazy\" decoding=\"async\" width=\"1024\" height=\"1024\" src=\"https:\/\/www.mm-sever.pt\/minas\/wp-content\/uploads\/2024\/02\/minas-do-bracal-1024x1024.jpg\" alt=\"\" class=\"wp-image-513\" srcset=\"https:\/\/www.mm-sever.pt\/minas\/wp-content\/uploads\/2024\/02\/minas-do-bracal-1024x1024.jpg 1024w, https:\/\/www.mm-sever.pt\/minas\/wp-content\/uploads\/2024\/02\/minas-do-bracal-300x300.jpg 300w, https:\/\/www.mm-sever.pt\/minas\/wp-content\/uploads\/2024\/02\/minas-do-bracal-150x150.jpg 150w, https:\/\/www.mm-sever.pt\/minas\/wp-content\/uploads\/2024\/02\/minas-do-bracal-768x768.jpg 768w, https:\/\/www.mm-sever.pt\/minas\/wp-content\/uploads\/2024\/02\/minas-do-bracal-850x850.jpg 850w, https:\/\/www.mm-sever.pt\/minas\/wp-content\/uploads\/2024\/02\/minas-do-bracal.jpg 1080w\" sizes=\"auto, (max-width: 1024px) 100vw, 1024px\" \/><\/figure>\n\n\n\n<div style=\"height:10px\" aria-hidden=\"true\" class=\"wp-block-spacer\"><\/div>\n\n\n\n<p class=\"has-medium-font-size\"><strong>\u00daltimo Fim de semana de cada m\u00eas <\/strong><\/p>\n\n\n\n<p class=\"has-medium-font-size\">Ao longo de cerca de 5km, ora na margem refrescante do rio Mau ora na antiga linha de vagonetas, o visitante ser\u00e1 guiado pela&nbsp;<strong>hist\u00f3ria e pelas est\u00f3rias da 1\u00aa concess\u00e3o mineira de Portugal<\/strong>, incluindo uma visita a uma antiga galeria e ao forno alto.<br>A<strong>&nbsp;\u00fanica forma<\/strong>&nbsp;de visitar este antigo complexo mineiro em seguran\u00e7a e com as explica\u00e7\u00f5es de um guia especializado.<\/p>\n\n\n\n<p class=\"has-medium-font-size\">O<strong>&nbsp;local de encontro<\/strong>&nbsp;\u00e9 a sede da&nbsp;<a href=\"https:\/\/goo.gl\/maps\/K5MpvZgRY6KxT5fU7\" target=\"_blank\" rel=\"noreferrer noopener\">Liga dos Amigos do Folharido e Bra\u00e7al<\/a>, nossa parceira, na aldeia do Folharido, \u00e0s 8h45, onde poder\u00e1 deixar a sua viatura. A hora prevista de fim \u00e9 12h30m.<br>Na parte da tarde poder\u00e1 desfrutar de uma&nbsp;<strong>visita guiada ao Museu<\/strong>, com enfoque especial no n\u00facleo das Minas.<\/p>\n\n\n\n<p class=\"has-medium-font-size\"><strong>A participa\u00e7\u00e3o tem um custo 5\u20ac<\/strong>. As inscri\u00e7\u00f5es abrem no dia 15 de cada m\u00eas.<\/p>\n\n\n\n<div style=\"height:30px\" aria-hidden=\"true\" class=\"wp-block-spacer\"><\/div>\n\n\n\n<div class=\"wp-block-buttons is-layout-flex wp-block-buttons-is-layout-flex\"><\/div>\n\n\n\n<div style=\"height:30px\" aria-hidden=\"true\" class=\"wp-block-spacer\"><\/div>\n\n\n\n<h3 class=\"wp-block-heading has-medium-font-size\"><strong>Uma actividade \u201cinclusiva\u201d e \u201camiga dos animais\u201d<\/strong><\/h3>\n\n\n\n<p class=\"has-medium-font-size\">Com um grau de dificuldade moderado, nela poder\u00e3o participar pessoas portadoras de mobilidade condicionada, fazendo o percurso na Jo\u00eblette, devendo levar acompanhantes para puxar a Jo\u00eblette.<br>Tamb\u00e9m poder\u00e1 levar o seu animal de companhia, um por participantes, que sendo can\u00eddeo dever\u00e1 ter trela curta e a\u00e7aime, nos termos legais.<br>Tamb\u00e9m dispomos de um kit de informa\u00e7\u00e3o em multiformato para pessoas portadores de defici\u00eancia visual e surdas.<\/p>\n\n\n\n<blockquote class=\"wp-block-quote is-layout-flow wp-block-quote-is-layout-flow\">\n<p class=\"has-medium-font-size\"><em>A&nbsp;<strong>Jo\u00eblette&nbsp;<\/strong>\u00e9 um equipamento de inclus\u00e3o, especialmente desenvolvido para percursos pedestres. \u00c9 uma cadeira todo-o-terreno mono-roda, que permite o acesso a \u00e1reas montanhosas ou com pisos mais irregulares, a todas as pessoas com mobilidade reduzida, ou severamente comprometida.<\/em><br><em>Crian\u00e7as ou adultos, qualquer que seja o seu grau de depend\u00eancia, podem desta forma desfrutar do contacto com a natureza e da companhia da fam\u00edlia e dos amigos.<\/em><br><em>O limite da Jo\u00eblette s\u00f3 depende das capacidades dos acompanhantes.<\/em><\/p>\n<\/blockquote>\n\n\n\n<figure class=\"wp-block-image\"><img decoding=\"async\" src=\"http:\/\/www.mm-sever.pt\/wp-content\/uploads\/2021\/07\/joelette2.jpg\" alt=\"\" class=\"wp-image-1618\"\/><\/figure>\n\n\n\n<blockquote class=\"wp-block-quote is-layout-flow wp-block-quote-is-layout-flow\">\n<p class=\"has-medium-font-size\">O Kit \u201cmultiformato\u201d transmite informa\u00e7\u00e3o sobre as minas do Bra\u00e7al nos seguintes suportes:<br>* impress\u00e3o em braille e imagens em relevo tridimensional para uma leitura t\u00e1ctil<br>* informa\u00e7\u00e3o \u00e1udio descritiva para pessoas que n\u00e3o conseguem ver mas que possam criar imagens mentais<br>* informa\u00e7\u00e3o em L\u00edngua Gestual Portuguesa, para pessoas surdas<\/p>\n<\/blockquote>\n\n\n\n<figure class=\"wp-block-image\"><img decoding=\"async\" src=\"https:\/\/www.mm-sever.pt\/wp-content\/uploads\/2022\/03\/1646432774994B.jpg\" alt=\"\" class=\"wp-image-1704\"\/><\/figure>\n\n\n\n<div style=\"height:30px\" aria-hidden=\"true\" class=\"wp-block-spacer\"><\/div>\n\n\n<div class=\"wp-block-post-date__modified-date wp-block-post-date\"><time datetime=\"2024-02-28T13:17:29+00:00\">28\/02\/2024<\/time><\/div>","protected":false},"excerpt":{"rendered":"<p>\u00daltimo Fim de semana de cada m\u00eas Ao longo de cerca de 5km, ora na margem refrescante do rio Mau ora na antiga linha de vagonetas, o visitante ser\u00e1 guiado pela&nbsp;hist\u00f3ria e pelas est\u00f3rias da 1\u00aa concess\u00e3o mineira de Portugal, incluindo uma visita a uma antiga galeria e ao forno alto.A&nbsp;\u00fanica forma&nbsp;de visitar este antigo&#8230;<\/p>\n","protected":false},"author":1,"featured_media":0,"parent":0,"menu_order":0,"comment_status":"closed","ping_status":"closed","template":"","meta":{"footnotes":""},"class_list":["post-489","page","type-page","status-publish","hentry"],"yoast_head":"<!-- This site is optimized with the Yoast SEO plugin v27.5 - https:\/\/yoast.com\/product\/yoast-seo-wordpress\/ -->\n<title>Visitas Guiadas | Abril a Setembro - Minas do Bra\u00e7al e Malhada<\/title>\n<meta name=\"robots\" content=\"index, follow, max-snippet:-1, max-image-preview:large, max-video-preview:-1\" \/>\n<link rel=\"canonical\" href=\"https:\/\/www.mm-sever.pt\/minas\/visitas-guiadas-abril-a-setembro\/\" \/>\n<meta property=\"og:locale\" content=\"pt_PT\" \/>\n<meta property=\"og:type\" content=\"article\" \/>\n<meta property=\"og:title\" content=\"Visitas Guiadas | Abril a Setembro - Minas do Bra\u00e7al e Malhada\" \/>\n<meta property=\"og:description\" content=\"\u00daltimo Fim de semana de cada m\u00eas Ao longo de cerca de 5km, ora na margem refrescante do rio Mau ora na antiga linha de vagonetas, o visitante ser\u00e1 guiado pela&nbsp;hist\u00f3ria e pelas est\u00f3rias da 1\u00aa concess\u00e3o mineira de Portugal, incluindo uma visita a uma antiga galeria e ao forno alto.A&nbsp;\u00fanica forma&nbsp;de visitar este antigo...\" \/>\n<meta property=\"og:url\" content=\"https:\/\/www.mm-sever.pt\/minas\/visitas-guiadas-abril-a-setembro\/\" \/>\n<meta property=\"og:site_name\" content=\"Minas do Bra\u00e7al e Malhada\" \/>\n<meta property=\"article:publisher\" content=\"https:\/\/www.facebook.com\/museudeseverdovouga\" \/>\n<meta property=\"article:modified_time\" content=\"2024-02-28T13:17:29+00:00\" \/>\n<meta property=\"og:image\" content=\"https:\/\/www.mm-sever.pt\/minas\/wp-content\/uploads\/2024\/02\/minas-do-bracal-1024x1024.jpg\" \/>\n<meta name=\"twitter:card\" content=\"summary_large_image\" \/>\n<meta name=\"twitter:label1\" content=\"Tempo estimado de leitura\" \/>\n\t<meta name=\"twitter:data1\" content=\"2 minutos\" \/>\n<script type=\"application\/ld+json\" class=\"yoast-schema-graph\">{\"@context\":\"https:\\\/\\\/schema.org\",\"@graph\":[{\"@type\":\"WebPage\",\"@id\":\"https:\\\/\\\/www.mm-sever.pt\\\/minas\\\/visitas-guiadas-abril-a-setembro\\\/\",\"url\":\"https:\\\/\\\/www.mm-sever.pt\\\/minas\\\/visitas-guiadas-abril-a-setembro\\\/\",\"name\":\"Visitas Guiadas | Abril a Setembro - Minas do Bra\u00e7al e Malhada\",\"isPartOf\":{\"@id\":\"https:\\\/\\\/www.mm-sever.pt\\\/minas\\\/#website\"},\"primaryImageOfPage\":{\"@id\":\"https:\\\/\\\/www.mm-sever.pt\\\/minas\\\/visitas-guiadas-abril-a-setembro\\\/#primaryimage\"},\"image\":{\"@id\":\"https:\\\/\\\/www.mm-sever.pt\\\/minas\\\/visitas-guiadas-abril-a-setembro\\\/#primaryimage\"},\"thumbnailUrl\":\"https:\\\/\\\/www.mm-sever.pt\\\/minas\\\/wp-content\\\/uploads\\\/2024\\\/02\\\/minas-do-bracal-1024x1024.jpg\",\"datePublished\":\"2024-02-28T10:28:23+00:00\",\"dateModified\":\"2024-02-28T13:17:29+00:00\",\"breadcrumb\":{\"@id\":\"https:\\\/\\\/www.mm-sever.pt\\\/minas\\\/visitas-guiadas-abril-a-setembro\\\/#breadcrumb\"},\"inLanguage\":\"pt-PT\",\"potentialAction\":[{\"@type\":\"ReadAction\",\"target\":[\"https:\\\/\\\/www.mm-sever.pt\\\/minas\\\/visitas-guiadas-abril-a-setembro\\\/\"]}]},{\"@type\":\"ImageObject\",\"inLanguage\":\"pt-PT\",\"@id\":\"https:\\\/\\\/www.mm-sever.pt\\\/minas\\\/visitas-guiadas-abril-a-setembro\\\/#primaryimage\",\"url\":\"https:\\\/\\\/www.mm-sever.pt\\\/minas\\\/wp-content\\\/uploads\\\/2024\\\/02\\\/minas-do-bracal.jpg\",\"contentUrl\":\"https:\\\/\\\/www.mm-sever.pt\\\/minas\\\/wp-content\\\/uploads\\\/2024\\\/02\\\/minas-do-bracal.jpg\",\"width\":1080,\"height\":1080},{\"@type\":\"BreadcrumbList\",\"@id\":\"https:\\\/\\\/www.mm-sever.pt\\\/minas\\\/visitas-guiadas-abril-a-setembro\\\/#breadcrumb\",\"itemListElement\":[{\"@type\":\"ListItem\",\"position\":1,\"name\":\"In\u00edcio\",\"item\":\"https:\\\/\\\/www.mm-sever.pt\\\/minas\\\/\"},{\"@type\":\"ListItem\",\"position\":2,\"name\":\"Visitas Guiadas | Abril a Setembro\"}]},{\"@type\":\"WebSite\",\"@id\":\"https:\\\/\\\/www.mm-sever.pt\\\/minas\\\/#website\",\"url\":\"https:\\\/\\\/www.mm-sever.pt\\\/minas\\\/\",\"name\":\"Minas do Bra\u00e7al e Malhada\",\"description\":\"1\u00aa concess\u00e3o mineira de Portugal. \",\"publisher\":{\"@id\":\"https:\\\/\\\/www.mm-sever.pt\\\/minas\\\/#organization\"},\"potentialAction\":[{\"@type\":\"SearchAction\",\"target\":{\"@type\":\"EntryPoint\",\"urlTemplate\":\"https:\\\/\\\/www.mm-sever.pt\\\/minas\\\/?s={search_term_string}\"},\"query-input\":{\"@type\":\"PropertyValueSpecification\",\"valueRequired\":true,\"valueName\":\"search_term_string\"}}],\"inLanguage\":\"pt-PT\"},{\"@type\":\"Organization\",\"@id\":\"https:\\\/\\\/www.mm-sever.pt\\\/minas\\\/#organization\",\"name\":\"Museu Municipal de Sever do Vouga\",\"url\":\"https:\\\/\\\/www.mm-sever.pt\\\/minas\\\/\",\"logo\":{\"@type\":\"ImageObject\",\"inLanguage\":\"pt-PT\",\"@id\":\"https:\\\/\\\/www.mm-sever.pt\\\/minas\\\/#\\\/schema\\\/logo\\\/image\\\/\",\"url\":\"http:\\\/\\\/www.mm-sever.pt\\\/minas\\\/wp-content\\\/uploads\\\/2024\\\/02\\\/logo1280.jpg\",\"contentUrl\":\"http:\\\/\\\/www.mm-sever.pt\\\/minas\\\/wp-content\\\/uploads\\\/2024\\\/02\\\/logo1280.jpg\",\"width\":1280,\"height\":720,\"caption\":\"Museu Municipal de Sever do Vouga\"},\"image\":{\"@id\":\"https:\\\/\\\/www.mm-sever.pt\\\/minas\\\/#\\\/schema\\\/logo\\\/image\\\/\"},\"sameAs\":[\"https:\\\/\\\/www.facebook.com\\\/museudeseverdovouga\",\"https:\\\/\\\/www.instagram.com\\\/museudeseverdovouga\"]}]}<\/script>\n<!-- \/ Yoast SEO plugin. -->","yoast_head_json":{"title":"Visitas Guiadas | Abril a Setembro - Minas do Bra\u00e7al e Malhada","robots":{"index":"index","follow":"follow","max-snippet":"max-snippet:-1","max-image-preview":"max-image-preview:large","max-video-preview":"max-video-preview:-1"},"canonical":"https:\/\/www.mm-sever.pt\/minas\/visitas-guiadas-abril-a-setembro\/","og_locale":"pt_PT","og_type":"article","og_title":"Visitas Guiadas | Abril a Setembro - Minas do Bra\u00e7al e Malhada","og_description":"\u00daltimo Fim de semana de cada m\u00eas Ao longo de cerca de 5km, ora na margem refrescante do rio Mau ora na antiga linha de vagonetas, o visitante ser\u00e1 guiado pela&nbsp;hist\u00f3ria e pelas est\u00f3rias da 1\u00aa concess\u00e3o mineira de Portugal, incluindo uma visita a uma antiga galeria e ao forno alto.A&nbsp;\u00fanica forma&nbsp;de visitar este antigo...","og_url":"https:\/\/www.mm-sever.pt\/minas\/visitas-guiadas-abril-a-setembro\/","og_site_name":"Minas do Bra\u00e7al e Malhada","article_publisher":"https:\/\/www.facebook.com\/museudeseverdovouga","article_modified_time":"2024-02-28T13:17:29+00:00","og_image":[{"url":"https:\/\/www.mm-sever.pt\/minas\/wp-content\/uploads\/2024\/02\/minas-do-bracal-1024x1024.jpg","type":"","width":"","height":""}],"twitter_card":"summary_large_image","twitter_misc":{"Tempo estimado de leitura":"2 minutos"},"schema":{"@context":"https:\/\/schema.org","@graph":[{"@type":"WebPage","@id":"https:\/\/www.mm-sever.pt\/minas\/visitas-guiadas-abril-a-setembro\/","url":"https:\/\/www.mm-sever.pt\/minas\/visitas-guiadas-abril-a-setembro\/","name":"Visitas Guiadas | Abril a Setembro - Minas do Bra\u00e7al e Malhada","isPartOf":{"@id":"https:\/\/www.mm-sever.pt\/minas\/#website"},"primaryImageOfPage":{"@id":"https:\/\/www.mm-sever.pt\/minas\/visitas-guiadas-abril-a-setembro\/#primaryimage"},"image":{"@id":"https:\/\/www.mm-sever.pt\/minas\/visitas-guiadas-abril-a-setembro\/#primaryimage"},"thumbnailUrl":"https:\/\/www.mm-sever.pt\/minas\/wp-content\/uploads\/2024\/02\/minas-do-bracal-1024x1024.jpg","datePublished":"2024-02-28T10:28:23+00:00","dateModified":"2024-02-28T13:17:29+00:00","breadcrumb":{"@id":"https:\/\/www.mm-sever.pt\/minas\/visitas-guiadas-abril-a-setembro\/#breadcrumb"},"inLanguage":"pt-PT","potentialAction":[{"@type":"ReadAction","target":["https:\/\/www.mm-sever.pt\/minas\/visitas-guiadas-abril-a-setembro\/"]}]},{"@type":"ImageObject","inLanguage":"pt-PT","@id":"https:\/\/www.mm-sever.pt\/minas\/visitas-guiadas-abril-a-setembro\/#primaryimage","url":"https:\/\/www.mm-sever.pt\/minas\/wp-content\/uploads\/2024\/02\/minas-do-bracal.jpg","contentUrl":"https:\/\/www.mm-sever.pt\/minas\/wp-content\/uploads\/2024\/02\/minas-do-bracal.jpg","width":1080,"height":1080},{"@type":"BreadcrumbList","@id":"https:\/\/www.mm-sever.pt\/minas\/visitas-guiadas-abril-a-setembro\/#breadcrumb","itemListElement":[{"@type":"ListItem","position":1,"name":"In\u00edcio","item":"https:\/\/www.mm-sever.pt\/minas\/"},{"@type":"ListItem","position":2,"name":"Visitas Guiadas | Abril a Setembro"}]},{"@type":"WebSite","@id":"https:\/\/www.mm-sever.pt\/minas\/#website","url":"https:\/\/www.mm-sever.pt\/minas\/","name":"Minas do Bra\u00e7al e Malhada","description":"1\u00aa concess\u00e3o mineira de Portugal. ","publisher":{"@id":"https:\/\/www.mm-sever.pt\/minas\/#organization"},"potentialAction":[{"@type":"SearchAction","target":{"@type":"EntryPoint","urlTemplate":"https:\/\/www.mm-sever.pt\/minas\/?s={search_term_string}"},"query-input":{"@type":"PropertyValueSpecification","valueRequired":true,"valueName":"search_term_string"}}],"inLanguage":"pt-PT"},{"@type":"Organization","@id":"https:\/\/www.mm-sever.pt\/minas\/#organization","name":"Museu Municipal de Sever do Vouga","url":"https:\/\/www.mm-sever.pt\/minas\/","logo":{"@type":"ImageObject","inLanguage":"pt-PT","@id":"https:\/\/www.mm-sever.pt\/minas\/#\/schema\/logo\/image\/","url":"http:\/\/www.mm-sever.pt\/minas\/wp-content\/uploads\/2024\/02\/logo1280.jpg","contentUrl":"http:\/\/www.mm-sever.pt\/minas\/wp-content\/uploads\/2024\/02\/logo1280.jpg","width":1280,"height":720,"caption":"Museu Municipal de Sever do Vouga"},"image":{"@id":"https:\/\/www.mm-sever.pt\/minas\/#\/schema\/logo\/image\/"},"sameAs":["https:\/\/www.facebook.com\/museudeseverdovouga","https:\/\/www.instagram.com\/museudeseverdovouga"]}]}},"_links":{"self":[{"href":"https:\/\/www.mm-sever.pt\/minas\/wp-json\/wp\/v2\/pages\/489","targetHints":{"allow":["GET"]}}],"collection":[{"href":"https:\/\/www.mm-sever.pt\/minas\/wp-json\/wp\/v2\/pages"}],"about":[{"href":"https:\/\/www.mm-sever.pt\/minas\/wp-json\/wp\/v2\/types\/page"}],"author":[{"embeddable":true,"href":"https:\/\/www.mm-sever.pt\/minas\/wp-json\/wp\/v2\/users\/1"}],"replies":[{"embeddable":true,"href":"https:\/\/www.mm-sever.pt\/minas\/wp-json\/wp\/v2\/comments?post=489"}],"version-history":[{"count":2,"href":"https:\/\/www.mm-sever.pt\/minas\/wp-json\/wp\/v2\/pages\/489\/revisions"}],"predecessor-version":[{"id":514,"href":"https:\/\/www.mm-sever.pt\/minas\/wp-json\/wp\/v2\/pages\/489\/revisions\/514"}],"wp:attachment":[{"href":"https:\/\/www.mm-sever.pt\/minas\/wp-json\/wp\/v2\/media?parent=489"}],"curies":[{"name":"wp","href":"https:\/\/api.w.org\/{rel}","templated":true}]}}